{"id":473,"date":"2019-06-20T22:19:13","date_gmt":"2019-06-20T20:19:13","guid":{"rendered":"https:\/\/groupedeja.com\/?page_id=473"},"modified":"2023-03-08T10:29:17","modified_gmt":"2023-03-08T09:29:17","slug":"visites-theatralisees","status":"publish","type":"page","link":"https:\/\/groupedeja.com\/index.php\/visites-theatralisees\/","title":{"rendered":"Visites th\u00e9\u00e2tralis\u00e9es"},"content":{"rendered":"\n<h1>\n\t\tVisites sur mesure\n\t<\/h1>\n<h2>\n\t\t\u00ab\u00a0\u00c0 c\u00f4t\u00e9 du mur\u00a0\u00bb &#8211; Mus\u00e9es du Mans &#8211; 2022\n\t<\/h2>\n\t\t\t\t<img loading=\"lazy\" decoding=\"async\" src=\"https:\/\/groupedeja.com\/wp-content\/uploads\/2022\/11\/DSC04858e-1-scaled.jpg\" alt=\"DSC04858e\" itemprop=\"image\" height=\"1440\" width=\"2560\" title=\"DSC04858e\" onerror=\"this.style.display='none'\">\n\t<p>Carte blanche \u00e0 Groupe D\u00e9j\u00e0 par Les Mus\u00e9es du Mans. Visite guid\u00e9e th\u00e9\u00e2tralis\u00e9e de l&rsquo;exposition \u00ab\u00a0Au pied du mur\u00a0\u00bb au Mus\u00e9e Jean-Claude Boulard &#8211; Carr\u00e9 Plantagenet au Mans (72). L&rsquo;exposition sur la muraille romaine, comme vous ne la verrez jamais avec les m\u00e9diateur\u00b7ices des Mus\u00e9es.<\/p>\n<h3>Visite th\u00e9\u00e2tralis\u00e9e \u00ab \u00c0 c\u00f4t\u00e9 du mur \u00bb<\/h3>\n\u00c0 15h, 15h30, 16h et 16h30 :<br>\n-Samedi 17 septembre 2022<br>\n-Dimanche 18 d\u00e9cembre 2022<br>\n-Dimanche 8 janvier 2023<br>\n-Dimanche 26 f\u00e9vrier 2023<br>\n-Dimanche 2 avril 2023\nAu Carr\u00e9 Plantagen\u00eat &#8211; Mus\u00e9e Jean-Claude Boulard &#8211; Le Mans (72) Renseignements aupr\u00e8s du mus\u00e9e : 02 43 47 46 45\n\u00c9criture et jeu : S\u00e9bastian Lazennec, Antoine Meunier<br>\nMerci \u00e0 l&rsquo;\u00e9quipe des <a href=\"https:\/\/www.lemans.fr\/dynamique\/des-idees-de-visite\/les-musees\/\">Mus\u00e9es du Mans.<\/a><br>\n\u00a9 Laurianne Mari\u00e9\n<p>&nbsp;<\/p>\n<h2>\n\t\t\u00ab\u00a0Sociologie approximative en petit train de nuit\u00a0\u00bb &#8211; 2021\n\t<\/h2>\n\t\t\t\t<img loading=\"lazy\" decoding=\"async\" src=\"https:\/\/groupedeja.com\/wp-content\/uploads\/2022\/10\/Capture-de\u0301cran-2022-10-25-a\u0300-16.25.44-e1666708043174.png\" alt=\"Capture d'e\u0301cran 2022-10-25 a\u0300 16.25.44\" itemprop=\"image\" height=\"984\" width=\"1750\" title=\"Capture d'e\u0301cran 2022-10-25 a\u0300 16.25.44\" onerror=\"this.style.display='none'\">\n\t<h3>Visite guid\u00e9e th\u00e9\u00e2tralis\u00e9e en petit train pour La nuit Europ\u00e9ennes des Chercheur.e.s au Mans (72).<\/h3>\n<p>Deux chercheurs de quartier, sp\u00e9cialistes en sociologie approximative, vous proposent d&#8217;embarquer \u00e0 bord du petit train de la ville afin d&rsquo;observer un territoire. Une balade sociologique \u00e0 la rencontre de l&rsquo;inattendu. Un voyage scientifique \u00e0 la d\u00e9couverte de sa ville et de ses concitoyens.<\/p>\nUne cr\u00e9ation de et par <a href=\"https:\/\/groupedeja.com\/index.php\/sebastian-lazennec\/\">S\u00e9bastian Lazennec<\/a> et Antoine Meunier<br>\nAvec Lo\u00efs Husson et 15 com\u00e9dien.ne.s du collectif <a href=\"https:\/\/groupedeja.com\/index.php\/collectif-grand-maximum\/\">Grand maximum<\/a><br>\nMerci \u00e0 Ingrid Silpa \/ Culture scientifique &#8211; <a href=\"https:\/\/www.univ-lemans.fr\/fr\/index.html\">Le Mans Universit\u00e9<\/a> \u00a9 <a href=\"https:\/\/www.photographyk.fr\/\">Thomas Brousmiche&nbsp;<\/a>\n<h2>\n\t\tInauguration de l&rsquo;Espace culturel L&rsquo;Or\u00e9e du Bois &#8211; 2021\n\t<\/h2>\n\t\t\t\t<img loading=\"lazy\" decoding=\"async\" src=\"https:\/\/groupedeja.com\/wp-content\/uploads\/2022\/10\/15-202A7778-scaled.jpg\" alt=\"Visite Sur Mesure\" itemprop=\"image\" height=\"1440\" width=\"2560\" title=\"Visite Sur Mesure\" onerror=\"this.style.display='none'\">\n\t<h3>Une commande d&rsquo;\u00e9criture sp\u00e9cifique in situ pour la Mairie de la Chapelle Saint Aubin.<\/h3>\nUne visite d\u00e9tourn\u00e9e du site pour l&rsquo;inauguration le 25 septembre 2021 du nouveau nom de la salle de spectacle \u00ab Espace Culturel L&rsquo;Or\u00e9e du Bois \u00bb.<br>\nUne performance de et avec S\u00e9bastian Lazennec et Antoine Meunier. Avec 42 com\u00e9dien.ne.s \/ figurant.e.s du collectif Grand maximum et d&rsquo;ailleurs. Simon Carbonnel, musicien en Kangoo et H\u00e9l\u00e8ne Leveau sur corde molle en or\u00e9e du bois. R\u00e9gie et logistique : Emilie M\u00e9tris et Jerome Guilmin. Photos de Thomas Brousmiche. (Merci Pauline Cappoen, Joel Jarossay, Martine Breton, \u2026)\n<h2>\n\t\t30 ans du Centre St Christophe &#8211; 2018\n\t<\/h2>\n\t\t\t\t<img loading=\"lazy\" decoding=\"async\" src=\"https:\/\/groupedeja.com\/wp-content\/uploads\/2019\/06\/Surmesure-GroupeDeja-visitetheatralises-sebastian-lazennec.jpg\" alt=\"Th\u00e9\u00e2tre sur mesure-Groupe Deja-Visite theatralisees-Sebastian Lazennec\" itemprop=\"image\" height=\"456\" width=\"750\" title=\"Surmesure-GroupeDeja-visitetheatralises-sebastian-lazennec\" onerror=\"this.style.display='none'\">\n\t<p>Dans le cadre des 30 ans du Centre St Christophe \u00e0 La Chapelle St Aubin (72), nous avons \u00e9crit et mis en sc\u00e8ne une visite guid\u00e9e d\u00e9cal\u00e9e mettant en valeur un site int\u00e9rieur et ext\u00e9rieur et les activit\u00e9s d&rsquo;un centre de loisirs et de culture. Avec 2 com\u00e9diens guides et 50 figurants, com\u00e9diens, musiciens, circassiens.<\/p>\n\t\t\t<a href=\"https:\/\/groupedeja.com\/index.php\/sur-mesure\/\" target=\"_self\" role=\"button\" rel=\"noopener\">\n\t\t\t\t\t\t\tRetour page \u00ab\u00a0Sur mesure\u00a0\u00bb\n\t\t\t\t\t<\/a>\n","protected":false},"excerpt":{"rendered":"<p>Visites sur mesure \u00ab\u00a0\u00c0 c\u00f4t\u00e9 du mur\u00a0\u00bb &#8211; Mus\u00e9es du Mans &#8211; 2022 Carte blanche \u00e0 Groupe D\u00e9j\u00e0 par Les Mus\u00e9es du Mans. Visite guid\u00e9e th\u00e9\u00e2tralis\u00e9e de l&rsquo;exposition \u00ab\u00a0Au pied du mur\u00a0\u00bb au Mus\u00e9e Jean-Claude Boulard &#8211; Carr\u00e9 Plantagenet au Mans (72). L&rsquo;exposition sur la muraille romaine, comme vous ne la verrez jamais avec les&hellip;<\/p>\n","protected":false},"author":2,"featured_media":0,"parent":0,"menu_order":0,"comment_status":"closed","ping_status":"closed","template":"","meta":{"footnotes":""},"class_list":["post-473","page","type-page","status-publish","hentry"],"_links":{"self":[{"href":"https:\/\/groupedeja.com\/index.php\/wp-json\/wp\/v2\/pages\/473","targetHints":{"allow":["GET"]}}],"collection":[{"href":"https:\/\/groupedeja.com\/index.php\/wp-json\/wp\/v2\/pages"}],"about":[{"href":"https:\/\/groupedeja.com\/index.php\/wp-json\/wp\/v2\/types\/page"}],"author":[{"embeddable":true,"href":"https:\/\/groupedeja.com\/index.php\/wp-json\/wp\/v2\/users\/2"}],"replies":[{"embeddable":true,"href":"https:\/\/groupedeja.com\/index.php\/wp-json\/wp\/v2\/comments?post=473"}],"version-history":[{"count":18,"href":"https:\/\/groupedeja.com\/index.php\/wp-json\/wp\/v2\/pages\/473\/revisions"}],"predecessor-version":[{"id":2098,"href":"https:\/\/groupedeja.com\/index.php\/wp-json\/wp\/v2\/pages\/473\/revisions\/2098"}],"wp:attachment":[{"href":"https:\/\/groupedeja.com\/index.php\/wp-json\/wp\/v2\/media?parent=473"}],"curies":[{"name":"wp","href":"https:\/\/api.w.org\/{rel}","templated":true}]}}