{"id":56,"date":"2018-10-14T15:49:33","date_gmt":"2018-10-14T13:49:33","guid":{"rendered":"https:\/\/groupedeja.com\/?page_id=56"},"modified":"2026-01-28T18:02:04","modified_gmt":"2026-01-28T17:02:04","slug":"mon-grand-oncle","status":"publish","type":"page","link":"https:\/\/groupedeja.com\/index.php\/mon-grand-oncle\/","title":{"rendered":"Mon grand oncle"},"content":{"rendered":"\n<h1>\n\t\t\tMon grand oncle\t<\/h1>\n<h3>\n\t\t\tMon grand oncle \/ th\u00e9\u00e2tre intimiste\t<\/h3>\n\t\t\t\t<img decoding=\"async\" src=\"https:\/\/groupedeja.com\/wp-content\/uploads\/2019\/06\/Mon-grand-oncle-GroupeDeja.jpg\" alt=\"Mon grand oncle - Groupe D\u00e9j\u00e0 - S\u00e9bastian Lazennec - Th\u00e9\u00e2tre\" itemprop=\"image\" height=\"500\" width=\"500\" title=\"Mon-grand-oncle-GroupeDeja\" onerror=\"this.style.display='none'\" loading=\"lazy\" \/>\n\t<strong>Th\u00e9\u00e2tre intimiste de dehors vers dedans<\/strong><br \/>\nGermain Langlois nous a quitt\u00e9s il y a quelques jours. Passionn\u00e9 par les Pyr\u00e9n\u00e9es et les chaussures, il vivait sans amis ni famille dans votre ville. Pour la lecture de son testament il souhaitait absolument la pr\u00e9sence de quelques personnes&#8230; Son petit neveu vous expliquera la marche \u00e0 suivre&#8230;<br \/>\n\u00ab\u00a0Avec la volont\u00e9 de jouer entre illusion et v\u00e9rit\u00e9, entre le vrai et le faux, l&rsquo;originalit\u00e9 de ce spectacle r\u00e9side dans le fait que le spectateur devenu acteur malgr\u00e9 lui, se rend vraiment chez le \u00ab\u00a0grand oncle\u00a0\u00bb. Tout au long de ce moment de vie simple mais improbable, on oscille entre situation path\u00e9tique et plaisanterie loufoque, on passe du jubilatoire au tragique.<br \/>\nEn nous ouvrant la porte de son habitation \u00ab\u00a0Mon grand oncle\u00a0\u00bb nous emm\u00e8ne dans un univers pince sans rire teint\u00e9 de nostalgie&#8230;\u00a0\u00bb\n<em>Tout public (\u00e0 partir de 10 ans) <\/em><br \/>\n<strong>Ecriture et jeu : S\u00e9bastian LAZENNEC<\/strong><br \/>\n<strong>Aide \u00e0 l&rsquo;\u00e9criture et mise en sc\u00e8ne : Am\u00e9d\u00e9e RENOUX (Cie Th\u00e9 \u00e0 la Rue)<\/strong><br \/>\nAccessoires et technique : J\u00e9r\u00f4me GUILMIN ou \u00c9milie METRIS<br \/>\nMerci \u00e0 St\u00e9phanie DEGAND et Simon LIVET\n\t<em>Tout public (\u00e0 partir de 10 ans) <\/em><br \/>\n<strong>Ecriture et jeu : S\u00e9bastian LAZENNEC<\/strong><br \/>\n<strong>Aide \u00e0 l&rsquo;\u00e9criture et mise en sc\u00e8ne : Am\u00e9d\u00e9e RENOUX (Cie Th\u00e9 \u00e0 la Rue)<\/strong><br \/>\nAccessoires et technique : J\u00e9r\u00f4me GUILMIN ou \u00c9milie METRIS<br \/>\nMerci \u00e0 St\u00e9phanie DEGAND et Simon LIVET\n\t\t\t\t<img decoding=\"async\" src=\"https:\/\/groupedeja.com\/wp-content\/uploads\/2025\/11\/Capture-decran-2025-11-07-a-15.01.09.png\" alt=\"Mon grand oncle - Groupe D\u00e9j\u00e0\" itemprop=\"image\" height=\"1728\" width=\"1728\" title=\"Mon grand oncle - Groupe D\u00e9j\u00e0\" onerror=\"this.style.display='none'\" loading=\"lazy\" \/>\n\t\t<iframe loading=\"lazy\" title=\"[Spectacle] Th\u00e9\u00e2tre intimiste &quot;Mon grand oncle&quot; de et par S\u00e9bastian Lazennec -Teaser\" width=\"500\" height=\"281\" src=\"https:\/\/www.youtube.com\/embed\/fLjEwemVBzM?start=189&#038;feature=oembed\" frameborder=\"0\" allow=\"accelerometer; autoplay; clipboard-write; encrypted-media; gyroscope; picture-in-picture; web-share\" referrerpolicy=\"strict-origin-when-cross-origin\" allowfullscreen><\/iframe>\t\n<h3>\n\t\t\tT\u00e9l\u00e9chargez le dossier artistique\/presse de \u00ab\u00a0Mon grand oncle\u00a0\u00bb\t<\/h3>\n<h2>\n\t\t\tQuelques extraits de presse de \u00ab\u00a0Mon grand oncle\u00a0\u00bb\t<\/h2>\n\t<p><strong>SUD OUEST, D\u00e9cembre 2011<\/strong><\/p>\n<p><strong>Groupe D\u00e9j\u00e0 &#8211; <em>Mon grand oncle<\/em><\/strong><\/p>\n<p>&#8230;\u00ab\u00a0Mon grand-oncle\u00a0\u00bb, de et avec S\u00e9bastian Lazennec. C&rsquo;est \u00e0 la lecture publique du testament de son grand-oncle, passionn\u00e9 de Pyr\u00e9n\u00e9es et de chaussures, que le personnage convie le public. Entre dr\u00f4lerie et path\u00e9tique, une ambiance hors du temps s&rsquo;installe, port\u00e9e par un com\u00e9dien qui joue des silences et du public avec finesse.<\/p>\n\t<p><strong>TELERAMA, Mai 2010<\/strong><\/p>\n<p>TTT On aime passionn\u00e9ment<\/p>\n<p><strong>Groupe D\u00e9j\u00e0 &#8211; <em>Mon grand oncle<\/em><\/strong><\/p>\n<p>\u00ab\u00a0&#8230;S\u00e9bastian Lazennec incarne le h\u00e9ros path\u00e9tique de ce drame familial. Et nous l\u00e8gue \u00e0 jamais un moment de th\u00e9\u00e2tre \u00e9mouvant, singulier et inoubliable&#8230;\u00a0\u00bb<\/p>\n\t<p><strong>LE PARISIEN, Mai 2010<\/strong><\/p>\n<p><strong>Groupe D\u00e9j\u00e0 &#8211; <em>Mon grand oncle<\/em><\/strong><\/p>\nParmi les coups de coeur de G\u00e9rard Caballero, directeur artistique du festival \u00ab Printemps des Rues \u00bb \u00e0<br \/>\nParis, on notera le solo de th\u00e9\u00e2tre intitul\u00e9 \u00ab Mon grand oncle \u00bb, du com\u00e9dien S\u00e9bastian Lazennec, qui promet d&rsquo;\u00eatre \u00ab touchant \u00bb.\n\t<p><strong>FLORIANE GABER \/ FLUCTUAT.NET, Ao\u00fbt 08<\/strong><\/p>\n<p><strong>Groupe D\u00e9j\u00e0 &#8211; <em>Mon grand oncle<\/em><\/strong><\/p>\n<p>\u00ab\u00a0&#8230;Lazennec qualifie sa proposition de \u00ab th\u00e9\u00e2tre intimiste \u00bb, et il n&rsquo;a pas tort. Du th\u00e9\u00e2tre, il a la formation et l&rsquo;exp\u00e9rience ; c&rsquo;est un acteur rod\u00e9, comp\u00e9tent. Le rapport intime au spectateur, on le trouve dans le dispositif choisi : tout le monde s&rsquo;entasse dans le pr\u00e9tendu appartement du grand oncle. Mais au-del\u00e0 de \u00e7a, c&rsquo;est le personnage lui-m\u00eame, con\u00e7u et cr\u00e9\u00e9 par S\u00e9bastian Lazennec, et son rapport au public convoqu\u00e9 qui fait mouche. \u00ab\u00a0&#8230;\u00a0\u00bb le ton, le regard, les mimiques jouent avec habilet\u00e9 sur la corde raide du \u00ab vrai faux \u00bb. Lazennec a cr\u00e9\u00e9 l\u00e0 un texte et un r\u00f4le qui pourraient sans probl\u00e8me \u00eatre jou\u00e9s de mani\u00e8re r\u00e9aliste, \u00ab s\u00e9rieuse \u00bb, et tirer larmes et frissons aux spectateurs. Lui, fait na\u00eetre des sourires, des rires complices, et il a sans doute raison : les messages les plus forts passent mieux quand le public n&rsquo;a pas l&rsquo;impression qu&rsquo;on lui fait la morale. C&rsquo;est tout en douceur que le drame familial est d\u00e9voil\u00e9 et l&rsquo;\u00e9motion, r\u00e9elle, na\u00eet \u00e0 la sortie du spectacle, quand on repense \u00e0 ce couple oncle-neveu qui finalement nous ressemble.\u00a0\u00bb<\/p>\n\t<p><strong>Stradda\u00a0\u00bb (le magazine de la cr\u00e9ation hors les murs), Janvier 2008, <\/strong>Article de <strong>Julie Bordenave<\/strong><\/p>\n<p><strong>Groupe D\u00e9j\u00e0 &#8211; <em>Mon Grand oncle<\/em><\/strong><\/p>\n<p>&#8230;S&rsquo;\u00e9loignant de la cr\u00e9ation collective qu&rsquo;il nourrit depuis quinze ans au sein d&rsquo;Utopium th\u00e9\u00e2tre, S\u00e9bastian Lazennec nous offre un beau moment de th\u00e9\u00e2tre intimiste, travaill\u00e9 avec la complicit\u00e9 de Am\u00e9d\u00e9e Renoux (codirecteur artistique de la compagnie &lsquo;Th\u00e9 \u00e0 la Rue\u00a0\u00bb). Comme le disait Jean-Luc Courcoult, \u00ab\u00a0la qualit\u00e9 du souvenir d\u00e9pend du choc de l&rsquo;impact\u00a0\u00bb. S\u00e9bastian Lazennec laisse une jolie \u00e9raflure dans nos m\u00e9moires.\u00a0\u00bb<\/p>\n<h3>\n\t\t\tD\u00e9j\u00e0 plus de 200 repr\u00e9sentations de \u00ab\u00a0Mon grand oncle\u00a0\u00bb.\t<\/h3>\n\t<p><strong>Voici une liste non exhaustive de th\u00e9\u00e2tres et festivals qui ont programm\u00e9s \u00ab\u00a0Mon grand oncle\u00a0\u00bb<\/strong><\/p>\n\t&#8211; \u00ab\u00a0<strong>Le Chainon Manquant<\/strong>\u00a0\u00bb \u00e0 Capdenac (12) mars 2008.<br \/>\n&#8211; \u00ab\u00a0<strong>Namur en Mai<\/strong>\u00a0\u00bb \u00e0 Namur (Belgique) mai 2008.<br \/>\n&#8211; \u00ab\u00a0<strong>Les Zaccros d&rsquo;ma rue<\/strong>\u00a0\u00bb \u00e0 Nevers (54) juillet 2008.<br \/>\n&#8211; \u00ab\u00a0<strong>Fest&rsquo;Art<\/strong>\u00a0\u00bb \u00e0 Libourne (33) ao\u00fbt 2008.<br \/>\n&#8211; \u00ab\u00a0<strong>Th\u00e9\u00e2tre G\u00e9rard Philippe<\/strong>\u00a0\u00bb \u00e0 Frouard (54) octobre 2008.<br \/>\n&#8211; \u00ab\u00a0<strong>Les Embuscades<\/strong>\u00a0\u00bb festival de l&rsquo;humour \u00e0 Coss\u00e9 le Vivien (53) octobre 2009.<br \/>\n&#8211; \u00ab\u00a0<strong>Printemps des rues<\/strong>\u00a0\u00bb \u00e0 Paris 10\u00e9me (75) mai 2010.<br \/>\n&#8211; \u00ab\u00a0<strong>Quartier de lune<\/strong>\u00a0\u00bb \u00e0 \u00ab\u00a0L&rsquo;Abattoir\u00a0\u00bb \u00e0 Ch\u00e2lon-sur-Sa\u00f4ne (71) d\u00e9cembre 2010<br \/>\n&#8211; \u00ab\u00a0<strong>Furies\/L&rsquo;entresort<\/strong>\u00a0\u00bb \u00e0 Ch\u00e2lon en Champagne (51) f\u00e9vrier 2012<br \/>\n&#8211; \u00ab\u00a0<strong>Pronomade(s)<\/strong>\u00a0\u00bb \u00e0 St Gaudens (31) mai 2012<br \/>\n&#8211; \u00ab\u00a0<strong>Quelques p&rsquo;Arts\/Le Temps Fort<\/strong>\u00a0\u00bb \u00e0 Anneyron (26)\u00a0 septembre 2012<br \/>\n-\u00ab\u00a0<strong>Dimanches d&rsquo;\u00e9t\u00e9<\/strong>\u00a0\u00bb \u00e0 l&rsquo;Abbaye de Fontevraud (49) aout 2014<br \/>\n-\u00ab\u00a0<strong>Th\u00e9\u00e2tre Como\u00e9dia<\/strong>\u00a0\u00bb \u00e0 Aubagne (13) f\u00e9vrier 2015<br \/>\n&#8211; \u00ab\u00a0<strong>Festival de Ramonville<\/strong>\u00a0\u00bb \u00e0 Ramonville (31) septembre 2017.\n\t\t<iframe loading=\"lazy\" title=\"[Spectacle] Th\u00e9\u00e2tre intimiste &quot;Mon grand oncle&quot; - Reportage France 3 - Festival &quot;Les Affranchis&quot;\" width=\"500\" height=\"281\" src=\"https:\/\/www.youtube.com\/embed\/A3Xhhz6Ds5A?feature=oembed\" frameborder=\"0\" allow=\"accelerometer; autoplay; clipboard-write; encrypted-media; gyroscope; picture-in-picture; web-share\" referrerpolicy=\"strict-origin-when-cross-origin\" allowfullscreen><\/iframe>\t\n<h3>\n\t\t\tPhotographies de \u00ab\u00a0Mon grand oncle\u00a0\u00bb\t<\/h3>\n\t\t\t<a href=\"https:\/\/groupedeja.com\/index.php\/spectacles\/\" target=\"_self\">\n\t\t\t\t\t\t\tRetour page \u00ab\u00a0Spectacles\u00a0\u00bb\n\t\t\t\t\t<\/a>\n\n","protected":false},"excerpt":{"rendered":"<p>Mon grand oncle Mon grand oncle \/ th\u00e9\u00e2tre intimiste Th\u00e9\u00e2tre intimiste de dehors vers dedans Germain Langlois nous a quitt\u00e9s il y a quelques jours. Passionn\u00e9 par les Pyr\u00e9n\u00e9es et les chaussures, il vivait sans amis ni famille dans votre ville. Pour la lecture de son testament il souhaitait absolument la pr\u00e9sence de quelques personnes&#8230;&hellip;<\/p>\n","protected":false},"author":1,"featured_media":0,"parent":0,"menu_order":0,"comment_status":"closed","ping_status":"closed","template":"","meta":{"footnotes":""},"class_list":["post-56","page","type-page","status-publish","hentry"],"_links":{"self":[{"href":"https:\/\/groupedeja.com\/index.php\/wp-json\/wp\/v2\/pages\/56","targetHints":{"allow":["GET"]}}],"collection":[{"href":"https:\/\/groupedeja.com\/index.php\/wp-json\/wp\/v2\/pages"}],"about":[{"href":"https:\/\/groupedeja.com\/index.php\/wp-json\/wp\/v2\/types\/page"}],"author":[{"embeddable":true,"href":"https:\/\/groupedeja.com\/index.php\/wp-json\/wp\/v2\/users\/1"}],"replies":[{"embeddable":true,"href":"https:\/\/groupedeja.com\/index.php\/wp-json\/wp\/v2\/comments?post=56"}],"version-history":[{"count":29,"href":"https:\/\/groupedeja.com\/index.php\/wp-json\/wp\/v2\/pages\/56\/revisions"}],"predecessor-version":[{"id":3197,"href":"https:\/\/groupedeja.com\/index.php\/wp-json\/wp\/v2\/pages\/56\/revisions\/3197"}],"wp:attachment":[{"href":"https:\/\/groupedeja.com\/index.php\/wp-json\/wp\/v2\/media?parent=56"}],"curies":[{"name":"wp","href":"https:\/\/api.w.org\/{rel}","templated":true}]}}